{"id":425,"date":"2022-03-22T08:43:57","date_gmt":"2022-03-22T07:43:57","guid":{"rendered":"https:\/\/www.welpen.de\/zuechter\/hildebrand\/cms\/?page_id=425"},"modified":"2024-04-04T12:34:09","modified_gmt":"2024-04-04T10:34:09","slug":"im-herzen","status":"publish","type":"page","link":"https:\/\/www.welpen.de\/zuechter\/hildebrand\/im-herzen\/","title":{"rendered":"In unseren Herzen"},"content":{"rendered":"<p><\/p>\n\n\n\n<figure class=\"wp-block-image size-full\"><img loading=\"lazy\" decoding=\"async\" width=\"900\" height=\"926\" src=\"https:\/\/www.welpen.de\/zuechter\/hildebrand\/cms\/wp-content\/uploads\/2024\/04\/Portrait.Haexli.jpg\" alt=\"\" class=\"wp-image-593\" srcset=\"https:\/\/www.welpen.de\/zuechter\/hildebrand\/cms\/wp-content\/uploads\/2024\/04\/Portrait.Haexli.jpg 900w, https:\/\/www.welpen.de\/zuechter\/hildebrand\/cms\/wp-content\/uploads\/2024\/04\/Portrait.Haexli-292x300.jpg 292w, https:\/\/www.welpen.de\/zuechter\/hildebrand\/cms\/wp-content\/uploads\/2024\/04\/Portrait.Haexli-768x790.jpg 768w\" sizes=\"auto, (max-width: 900px) 100vw, 900px\" \/><\/figure>\n\n\n\n<p>H\u00e4xli 27. 9.-2017 &#8211; 23.3.2024 (Lungentumor)<\/p>\n\n\n\n<hr class=\"wp-block-separator has-alpha-channel-opacity\"\/>\n\n\n\n<p>Fippsy \u2013 3. Mai 2012<\/p>\n\n\n\n<figure class=\"wp-block-image size-full\"><img loading=\"lazy\" decoding=\"async\" width=\"480\" height=\"640\" src=\"https:\/\/www.welpen.de\/zuechter\/hildebrand\/cms\/cms\/wp-content\/uploads\/2022\/03\/Fippsy-Portrait.jpg\" alt=\"\" class=\"wp-image-426\" srcset=\"https:\/\/www.welpen.de\/zuechter\/hildebrand\/cms\/wp-content\/uploads\/2022\/03\/Fippsy-Portrait.jpg 480w, https:\/\/www.welpen.de\/zuechter\/hildebrand\/cms\/wp-content\/uploads\/2022\/03\/Fippsy-Portrait-225x300.jpg 225w\" sizes=\"auto, (max-width: 480px) 100vw, 480px\" \/><figcaption class=\"wp-element-caption\">(31. Mai 2015 \u2013 5. August 2021, Maligner Tumor hinter dem Auge mit Metastasen)<br>&nbsp;<\/figcaption><\/figure>\n\n\n\n<hr class=\"wp-block-separator has-alpha-channel-opacity\"\/>\n\n\n\n<p>Boney J. Rufname&nbsp;BJ (Rayka &amp; Royal Touch de Marais Champagne)<\/p>\n\n\n\n<figure class=\"wp-block-image size-full\"><img loading=\"lazy\" decoding=\"async\" width=\"438\" height=\"393\" src=\"https:\/\/www.welpen.de\/zuechter\/hildebrand\/cms\/cms\/wp-content\/uploads\/2022\/03\/Koerung.B.J.1a.jpg\" alt=\"\" class=\"wp-image-427\" srcset=\"https:\/\/www.welpen.de\/zuechter\/hildebrand\/cms\/wp-content\/uploads\/2022\/03\/Koerung.B.J.1a.jpg 438w, https:\/\/www.welpen.de\/zuechter\/hildebrand\/cms\/wp-content\/uploads\/2022\/03\/Koerung.B.J.1a-300x269.jpg 300w\" sizes=\"auto, (max-width: 438px) 100vw, 438px\" \/><figcaption class=\"wp-element-caption\">(3. Mai 2012 \u2013 30. Juni. 2020, Hystozit\u00e4res Sarkom)<\/figcaption><\/figure>\n\n\n\n<figure class=\"wp-block-image size-full\"><img loading=\"lazy\" decoding=\"async\" width=\"438\" height=\"407\" src=\"https:\/\/www.welpen.de\/zuechter\/hildebrand\/cms\/cms\/wp-content\/uploads\/2022\/03\/Anuschka.jpg\" alt=\"\" class=\"wp-image-429\" srcset=\"https:\/\/www.welpen.de\/zuechter\/hildebrand\/cms\/wp-content\/uploads\/2022\/03\/Anuschka.jpg 438w, https:\/\/www.welpen.de\/zuechter\/hildebrand\/cms\/wp-content\/uploads\/2022\/03\/Anuschka-300x279.jpg 300w\" sizes=\"auto, (max-width: 438px) 100vw, 438px\" \/><figcaption class=\"wp-element-caption\">Anuschka<\/figcaption><\/figure>\n\n\n\n<figure class=\"wp-block-image size-full\"><img loading=\"lazy\" decoding=\"async\" width=\"438\" height=\"496\" src=\"https:\/\/www.welpen.de\/zuechter\/hildebrand\/cms\/cms\/wp-content\/uploads\/2022\/03\/Cora-Bess.jpg\" alt=\"\" class=\"wp-image-430\" srcset=\"https:\/\/www.welpen.de\/zuechter\/hildebrand\/cms\/wp-content\/uploads\/2022\/03\/Cora-Bess.jpg 438w, https:\/\/www.welpen.de\/zuechter\/hildebrand\/cms\/wp-content\/uploads\/2022\/03\/Cora-Bess-265x300.jpg 265w\" sizes=\"auto, (max-width: 438px) 100vw, 438px\" \/><figcaption class=\"wp-element-caption\">Cora-Bess<\/figcaption><\/figure>\n\n\n\n<figure class=\"wp-block-image size-full\"><img loading=\"lazy\" decoding=\"async\" width=\"438\" height=\"317\" src=\"https:\/\/www.welpen.de\/zuechter\/hildebrand\/cms\/cms\/wp-content\/uploads\/2022\/03\/Daschiva.jpg\" alt=\"\" class=\"wp-image-431\" srcset=\"https:\/\/www.welpen.de\/zuechter\/hildebrand\/cms\/wp-content\/uploads\/2022\/03\/Daschiva.jpg 438w, https:\/\/www.welpen.de\/zuechter\/hildebrand\/cms\/wp-content\/uploads\/2022\/03\/Daschiva-300x217.jpg 300w\" sizes=\"auto, (max-width: 438px) 100vw, 438px\" \/><figcaption class=\"wp-element-caption\">Daschiva<\/figcaption><\/figure>\n\n\n\n<figure class=\"wp-block-image size-full\"><img loading=\"lazy\" decoding=\"async\" width=\"396\" height=\"438\" src=\"https:\/\/www.welpen.de\/zuechter\/hildebrand\/cms\/cms\/wp-content\/uploads\/2022\/03\/Marylou.jpg\" alt=\"\" class=\"wp-image-432\" srcset=\"https:\/\/www.welpen.de\/zuechter\/hildebrand\/cms\/wp-content\/uploads\/2022\/03\/Marylou.jpg 396w, https:\/\/www.welpen.de\/zuechter\/hildebrand\/cms\/wp-content\/uploads\/2022\/03\/Marylou-271x300.jpg 271w\" sizes=\"auto, (max-width: 396px) 100vw, 396px\" \/><figcaption class=\"wp-element-caption\">Marylou<\/figcaption><\/figure>\n\n\n\n<figure class=\"wp-block-image size-full\"><img loading=\"lazy\" decoding=\"async\" width=\"438\" height=\"428\" src=\"https:\/\/www.welpen.de\/zuechter\/hildebrand\/cms\/cms\/wp-content\/uploads\/2022\/03\/Omyra.jpg\" alt=\"\" class=\"wp-image-433\" srcset=\"https:\/\/www.welpen.de\/zuechter\/hildebrand\/cms\/wp-content\/uploads\/2022\/03\/Omyra.jpg 438w, https:\/\/www.welpen.de\/zuechter\/hildebrand\/cms\/wp-content\/uploads\/2022\/03\/Omyra-300x293.jpg 300w\" sizes=\"auto, (max-width: 438px) 100vw, 438px\" \/><figcaption class=\"wp-element-caption\">Omyra<\/figcaption><\/figure>\n\n\n\n<figure class=\"wp-block-image size-full\"><img loading=\"lazy\" decoding=\"async\" width=\"600\" height=\"400\" src=\"https:\/\/www.welpen.de\/zuechter\/hildebrand\/cms\/cms\/wp-content\/uploads\/2022\/03\/quayla.jpg\" alt=\"\" class=\"wp-image-434\" srcset=\"https:\/\/www.welpen.de\/zuechter\/hildebrand\/cms\/wp-content\/uploads\/2022\/03\/quayla.jpg 600w, https:\/\/www.welpen.de\/zuechter\/hildebrand\/cms\/wp-content\/uploads\/2022\/03\/quayla-300x200.jpg 300w\" sizes=\"auto, (max-width: 600px) 100vw, 600px\" \/><figcaption class=\"wp-element-caption\">Quayla.<\/figcaption><\/figure>\n\n\n\n<figure class=\"wp-block-image size-full\"><img loading=\"lazy\" decoding=\"async\" width=\"400\" height=\"300\" src=\"https:\/\/www.welpen.de\/zuechter\/hildebrand\/cms\/cms\/wp-content\/uploads\/2022\/03\/udanah.jpg\" alt=\"\" class=\"wp-image-435\" srcset=\"https:\/\/www.welpen.de\/zuechter\/hildebrand\/cms\/wp-content\/uploads\/2022\/03\/udanah.jpg 400w, https:\/\/www.welpen.de\/zuechter\/hildebrand\/cms\/wp-content\/uploads\/2022\/03\/udanah-300x225.jpg 300w\" sizes=\"auto, (max-width: 400px) 100vw, 400px\" \/><figcaption class=\"wp-element-caption\"><strong>Udanah<br>&nbsp;(Rayka &amp; Lord B\u00e4ri vom B\u00e4rim\u00e4tteli)<\/strong>&nbsp;Tumor Speiser\u00f6hre\/Mageneingang<br><br>20. November \u2013 7. Oktober 2016<br>Y \u2013 Wurf, C-Wurf<\/figcaption><\/figure>\n\n\n\n<figure class=\"wp-block-image size-full\"><img loading=\"lazy\" decoding=\"async\" width=\"400\" height=\"557\" src=\"https:\/\/www.welpen.de\/zuechter\/hildebrand\/cms\/cms\/wp-content\/uploads\/2022\/03\/Sunny.jpg\" alt=\"\" class=\"wp-image-436\" srcset=\"https:\/\/www.welpen.de\/zuechter\/hildebrand\/cms\/wp-content\/uploads\/2022\/03\/Sunny.jpg 400w, https:\/\/www.welpen.de\/zuechter\/hildebrand\/cms\/wp-content\/uploads\/2022\/03\/Sunny-215x300.jpg 215w\" sizes=\"auto, (max-width: 400px) 100vw, 400px\" \/><figcaption class=\"wp-element-caption\"><strong>Sunshine<\/strong>&nbsp;(genannt Sunny) (Quayla &amp; Cero vom Alten Holz)<br>29. Juni 2007 \u2013 14. April 2017 multiple Tumore<br>W \u2013 Wurf, A \u2013 Wurf<\/figcaption><\/figure>\n\n\n\n<figure class=\"wp-block-image size-full\"><img loading=\"lazy\" decoding=\"async\" width=\"400\" height=\"522\" src=\"https:\/\/www.welpen.de\/zuechter\/hildebrand\/cms\/cms\/wp-content\/uploads\/2022\/03\/rayka.jpg\" alt=\"\" class=\"wp-image-437\" srcset=\"https:\/\/www.welpen.de\/zuechter\/hildebrand\/cms\/wp-content\/uploads\/2022\/03\/rayka.jpg 400w, https:\/\/www.welpen.de\/zuechter\/hildebrand\/cms\/wp-content\/uploads\/2022\/03\/rayka-230x300.jpg 230w\" sizes=\"auto, (max-width: 400px) 100vw, 400px\" \/><figcaption class=\"wp-element-caption\"><strong>Rayka<\/strong>&nbsp;(genannt Peppy) (Omyra &amp; Dino von der hohen Linde)<br>7. M\u00e4rz 2007 \u2013 25. April 2017 &#8211; Tumor Lunge\/Luftr\u00f6hre<br>U \u2013 Wurf, V \u2013 Wurf, Z \u2013 Wurf, B &#8211; Wurf<\/figcaption><\/figure>\n\n\n\n<figure class=\"wp-block-image size-full\"><img loading=\"lazy\" decoding=\"async\" width=\"309\" height=\"500\" src=\"https:\/\/www.welpen.de\/zuechter\/hildebrand\/cms\/cms\/wp-content\/uploads\/2022\/03\/Yamelle.jpg\" alt=\"\" class=\"wp-image-438\" srcset=\"https:\/\/www.welpen.de\/zuechter\/hildebrand\/cms\/wp-content\/uploads\/2022\/03\/Yamelle.jpg 309w, https:\/\/www.welpen.de\/zuechter\/hildebrand\/cms\/wp-content\/uploads\/2022\/03\/Yamelle-185x300.jpg 185w\" sizes=\"auto, (max-width: 309px) 100vw, 309px\" \/><figcaption class=\"wp-element-caption\">Yamelle \u201e ging vom Rentnerdasein \u00fcber die Regenbogenbr\u00fccke\u201c<br>(18.6.2011 \u2013 29.03.2020, R\u00fcckenmarkinfakt)<\/figcaption><\/figure>\n\n\n\n<hr class=\"wp-block-separator has-css-opacity\"\/>\n\n\n\n<p><strong>Sunshine (genannt Sunny)<\/strong>&nbsp;(Quayla &amp; Cero vom Alten Holz)<br>29. Juni 2007 \u2013 14. April 2017 multiple Tumore<br>W \u2013 Wurf, A \u2013 Wurf<\/p>\n\n\n\n<p><strong>Rayka (genannt Peppy)&nbsp;<\/strong>(Omyra &amp; Dino von der hohen Linde)<br>Tumor Lunge\/Luftr\u00f6hre<br>7. M\u00e4rz 2007 \u2013 25. April 2017<br>U \u2013 Wurf, V \u2013 Wurf, Z \u2013 Wurf, B &#8211; Wurf<\/p>\n\n\n\n<p><strong>Udanah&nbsp;(Rayka &amp; Lord B\u00e4ri vom B\u00e4rim\u00e4tteli)<\/strong><br>Tumor Speiser\u00f6hre\/Mageneingang<br>20. November \u2013 7. Oktober 2016<br>Y \u2013 Wurf, C-Wurf<\/p>\n\n\n\n<p><strong>Quayla<\/strong>&nbsp;( Omyra &amp; Ximba vom Wolfrain)<br>29. Juni 2007 &#8211; 8. Oktober 2013 Knochenkrebs<br>S-Wurf , T-Wurf , X-Wurf<\/p>\n\n\n\n<p><strong>Omyra<\/strong>&nbsp;( Dashiva &amp; Ricco von der Hammersklinge)<br>28.02.2004 &#8211; Mai 2012 Multiples Organversagen<br>P-Wurf, Q-Wurf, R-Wurf<\/p>\n\n\n\n<p><strong>Marylou vom Erbachbrunnen&nbsp;<\/strong>( Cora-Bess &amp; Janis vom B\u00e4rnerhof)<br>08.12.1988 &#8211; 31.07.1988<br>C-Wurf, D-Wurf, E-Wurf, I-Wurf v.d. Helvetiern<\/p>\n\n\n\n<p><strong>Daschiva v.d. Helvetiern<\/strong>&nbsp;( Marylou &amp; Iwan von der Holderestockh\u00f6he)<br>08.06.1985 &#8211; 23.10.1994 Scheidenkrebs<br>H-Wurf, J-Wurf, N-Wurf, O-Wurf von d. Helvetiern<\/p>\n\n\n\n<p><strong>Gamine&nbsp;<\/strong>14.05.1996 &#8211; 07.06.2005 Leuk\u00e4mie<br>T-Wurf, U-Wurf, V-Wurf vom Ernachbrunnen<\/p>\n\n\n\n<p><strong>Celine<\/strong>&nbsp;07.11.1993 &#8211; 15.03.1999 Bakterielle Infektion<br>K-Wurf, L-Wurf v.d. Helvetiern<\/p>\n\n\n\n<p><strong>Uriella vom Erbachbrunnen&nbsp;<\/strong>03.05.2000 &#8211; 05.05.2009<\/p>\n\n\n\n<p><strong>Isabella vom Erbachbrunnen<\/strong>&nbsp;10.01.1985 &#8211; Juli 1990 Kreislaufversagen \/ OP<br>A-Wurf, B-Wurf von den Helvetiern am Erbach<\/p>\n\n\n\n<p><strong>Cora-Bess vom Erbachbrunnen<\/strong>&nbsp;( Anuschka &amp; Danettas Nico)<br>18.06.1981 &#8211; Oktober 1992<br>E-Wurf, G-Wurf, I-Wurf, K-Wurf, L-Wurf, M-Wurf von Erbachbrunnen<\/p>\n\n\n\n<p><strong>Chesska vom Erbachbrunnen<\/strong>&nbsp;18.06.1981 &#8211; M\u00e4rz 1983 Magendrehung!<br>J-Wurf vom Erbachbrunnen<\/p>\n\n\n\n<p><strong>Anuschka vom Hochblateau&nbsp;<\/strong>( Jenny v. Leutelsbach &amp; W\u00e4chter vom Goldbachtal)<br>A-Wurf, B-Wurf, C-Wurf, D-Wurf, F-Wurf, H-Wurf vom Erbachbrunnen<\/p>\n\n\n\n<figure class=\"wp-block-table is-style-regular\"><table><tbody><tr><td><strong>Nicht aus unserer Zucht \u2026. aber bei uns in die Zucht gegangen\u2026..<\/strong><br><br>Gibsy vom R\u00f6telbachtal (Katja vom Erbachbrunnen &amp; Iwan)<br>F-Wurf, G-Wurf, M-Wurf v.d. Helvetiern am Erbach<br><br>Fenja vom R\u00f6telbachtal (Elfi v. R\u00f6telbach &amp; Amor v.K\u00f6nigsberg)<br>Q-Wurf vom Erbachbrunnen<br><br>Gwendolin von der Aub (Assi v.d.Aub &amp; Boris v. wei\u00dfen Stein)<br>O-Wurf, P-Wurf, R-Wurf, S-Wurf vom Erbachbrunnen<\/td><\/tr><\/tbody><\/table><\/figure>","protected":false},"excerpt":{"rendered":"<p>H\u00e4xli 27. 9.-2017 &#8211; 23.3.2024 (Lungentumor) Fippsy \u2013 3. Mai 2012 Boney J. Rufname&nbsp;BJ (Rayka &amp; Royal Touch de Marais Champagne) Sunshine (genannt Sunny)&nbsp;(Quayla &amp; Cero vom Alten Holz)29. Juni 2007 \u2013 14. April 2017 multiple TumoreW \u2013 Wurf, A <a class=\"more-link\" href=\"https:\/\/www.welpen.de\/zuechter\/hildebrand\/im-herzen\/\">Weiterlesen\u00a0\u2026<\/a><\/p>\n","protected":false},"author":1,"featured_media":0,"parent":0,"menu_order":0,"comment_status":"closed","ping_status":"closed","template":"","meta":{"footnotes":""},"class_list":["post-425","page","type-page","status-publish","hentry"],"_links":{"self":[{"href":"https:\/\/www.welpen.de\/zuechter\/hildebrand\/wp-json\/wp\/v2\/pages\/425","targetHints":{"allow":["GET"]}}],"collection":[{"href":"https:\/\/www.welpen.de\/zuechter\/hildebrand\/wp-json\/wp\/v2\/pages"}],"about":[{"href":"https:\/\/www.welpen.de\/zuechter\/hildebrand\/wp-json\/wp\/v2\/types\/page"}],"author":[{"embeddable":true,"href":"https:\/\/www.welpen.de\/zuechter\/hildebrand\/wp-json\/wp\/v2\/users\/1"}],"replies":[{"embeddable":true,"href":"https:\/\/www.welpen.de\/zuechter\/hildebrand\/wp-json\/wp\/v2\/comments?post=425"}],"version-history":[{"count":6,"href":"https:\/\/www.welpen.de\/zuechter\/hildebrand\/wp-json\/wp\/v2\/pages\/425\/revisions"}],"predecessor-version":[{"id":596,"href":"https:\/\/www.welpen.de\/zuechter\/hildebrand\/wp-json\/wp\/v2\/pages\/425\/revisions\/596"}],"wp:attachment":[{"href":"https:\/\/www.welpen.de\/zuechter\/hildebrand\/wp-json\/wp\/v2\/media?parent=425"}],"curies":[{"name":"wp","href":"https:\/\/api.w.org\/{rel}","templated":true}]}}